{"id":63,"date":"2023-12-12T10:33:47","date_gmt":"2023-12-12T09:33:47","guid":{"rendered":"https:\/\/www.miyu.fr\/galerie\/?post_type=exhibition&#038;p=63"},"modified":"2024-12-30T17:07:08","modified_gmt":"2024-12-30T16:07:08","slug":"la-trilogie-des-vestiges","status":"publish","type":"exhibition","link":"https:\/\/www.miyu.fr\/galerie\/exhibition\/la-trilogie-des-vestiges\/","title":{"rendered":"La trilogie des vestiges"},"content":{"rendered":"<p>L\u2019exposition personnelle de Mathieu Dufois, premier artiste invit\u00e9 par la galerie Miyu, se focalise autour de sa <em>Trilogie des vestiges<\/em>, trois films anim\u00e9s r\u00e9alis\u00e9 entre 2012 et 2017, et des \u00e9l\u00e9ments graphiques qui lui ont permis de les r\u00e9aliser, propos\u00e9s dans un assemblage original. Elle d\u00e9voile litt\u00e9ralement l\u2019envers du d\u00e9cor et perce le secret de la cr\u00e9ation cin\u00e9matographique de Mathieu Dufois, pour proposer une vision nouvelle de l\u2019univers de l\u2019artiste. La Trilogie des vestiges d\u00e9voile les aspects nostalgiques et angoissants d\u2019une m\u00e9moire lointaine mais famili\u00e8re, vestige d\u2019un r\u00eave qui nous hante.<\/p>\n","protected":false},"featured_media":150,"template":"","meta":{"_acf_changed":false},"focus":[],"state":[29],"class_list":["post-63","exhibition","type-exhibition","status-publish","has-post-thumbnail","hentry","state-exhibition-passees"],"acf":[],"_links":{"self":[{"href":"https:\/\/www.miyu.fr\/galerie\/wp-json\/wp\/v2\/exhibition\/63","targetHints":{"allow":["GET"]}}],"collection":[{"href":"https:\/\/www.miyu.fr\/galerie\/wp-json\/wp\/v2\/exhibition"}],"about":[{"href":"https:\/\/www.miyu.fr\/galerie\/wp-json\/wp\/v2\/types\/exhibition"}],"wp:featuredmedia":[{"embeddable":true,"href":"https:\/\/www.miyu.fr\/galerie\/wp-json\/wp\/v2\/media\/150"}],"wp:attachment":[{"href":"https:\/\/www.miyu.fr\/galerie\/wp-json\/wp\/v2\/media?parent=63"}],"wp:term":[{"taxonomy":"focus","embeddable":true,"href":"https:\/\/www.miyu.fr\/galerie\/wp-json\/wp\/v2\/focus?post=63"},{"taxonomy":"state","embeddable":true,"href":"https:\/\/www.miyu.fr\/galerie\/wp-json\/wp\/v2\/state?post=63"}],"curies":[{"name":"wp","href":"https:\/\/api.w.org\/{rel}","templated":true}]}}