{"id":239,"date":"2024-02-08T11:22:41","date_gmt":"2024-02-08T10:22:41","guid":{"rendered":"https:\/\/www.miyu.fr\/galerie\/?post_type=exhibition&#038;p=239"},"modified":"2024-12-30T16:55:54","modified_gmt":"2024-12-30T15:55:54","slug":"pangea","status":"publish","type":"exhibition","link":"https:\/\/www.miyu.fr\/galerie\/exhibition\/pangea\/","title":{"rendered":"Pangea"},"content":{"rendered":"<p><em>Pangea<\/em>\u00a0est une \u0153uvre prot\u00e9iforme et \u00e9volutive \u00e0 la crois\u00e9e du cin\u00e9ma, des arts plastiques et des sciences naturelles. Constitu\u00e9e de scans tridimensionnels, de num\u00e9risations par photogramm\u00e9trie et de captations d\u2019espaces g\u00e9ographiques, cette installation r\u00e9v\u00e8le un espace d\u00e9nu\u00e9 de fronti\u00e8res et t\u00e9moigne de la fragilit\u00e9 des \u00e9cosyst\u00e8mes menac\u00e9s par les alt\u00e9rations que subit notre environnement. \u00c0 travers une carte reconstitu\u00e9e du supercontinent, Simon Rouby parvient \u00e0 d\u00e9velopper un univers fictif, lib\u00e9r\u00e9 des enjeux ethnographiques comme g\u00e9ographiques, o\u00f9 les paysages ainsi d\u00e9voil\u00e9s incarnent les vestiges d\u2019une civilisation \u00e9vanouie.<\/p>\n","protected":false},"featured_media":240,"template":"","meta":{"_acf_changed":false},"focus":[],"state":[29],"class_list":["post-239","exhibition","type-exhibition","status-publish","has-post-thumbnail","hentry","state-exhibition-passees"],"acf":[],"_links":{"self":[{"href":"https:\/\/www.miyu.fr\/galerie\/wp-json\/wp\/v2\/exhibition\/239","targetHints":{"allow":["GET"]}}],"collection":[{"href":"https:\/\/www.miyu.fr\/galerie\/wp-json\/wp\/v2\/exhibition"}],"about":[{"href":"https:\/\/www.miyu.fr\/galerie\/wp-json\/wp\/v2\/types\/exhibition"}],"wp:featuredmedia":[{"embeddable":true,"href":"https:\/\/www.miyu.fr\/galerie\/wp-json\/wp\/v2\/media\/240"}],"wp:attachment":[{"href":"https:\/\/www.miyu.fr\/galerie\/wp-json\/wp\/v2\/media?parent=239"}],"wp:term":[{"taxonomy":"focus","embeddable":true,"href":"https:\/\/www.miyu.fr\/galerie\/wp-json\/wp\/v2\/focus?post=239"},{"taxonomy":"state","embeddable":true,"href":"https:\/\/www.miyu.fr\/galerie\/wp-json\/wp\/v2\/state?post=239"}],"curies":[{"name":"wp","href":"https:\/\/api.w.org\/{rel}","templated":true}]}}