{"id":17,"date":"2023-12-05T14:46:32","date_gmt":"2023-12-05T13:46:32","guid":{"rendered":"https:\/\/www.miyu.fr\/galerie\/?post_type=exhibition&#038;p=17"},"modified":"2025-06-05T11:43:57","modified_gmt":"2025-06-05T09:43:57","slug":"la-lune-et-les-feux","status":"publish","type":"exhibition","link":"https:\/\/www.miyu.fr\/galerie\/exhibition\/la-lune-et-les-feux\/","title":{"rendered":"La lune et les feux"},"content":{"rendered":"<p>Marie Larriv\u00e9 capte des instants o\u00f9 le temps semble suspendu, cr\u00e9ant une \u00e9trange sensation de flottement. En puisant son inspiration de ses voyages et explorations, Larriv\u00e9 nous fait d\u00e9couvrir de vastes espaces pr\u00e9serv\u00e9s, que la figure humaine traverse sans jamais parvenir \u00e0 s\u2019y imposer. La nature d\u00e9borde et dessine les contours de mondes intrigants et \u00e9nigmatiques. Les \u00e9l\u00e9ments en pr\u00e9sence agissent comme des forces magn\u00e9tiques, nous transportant vers des atmosph\u00e8res empreintes de m\u00e9lancolie et de myst\u00e8re.<\/p>\n","protected":false},"featured_media":157,"template":"","meta":{"_acf_changed":false},"focus":[],"state":[29],"class_list":["post-17","exhibition","type-exhibition","status-publish","has-post-thumbnail","hentry","state-exhibition-passees"],"acf":[],"_links":{"self":[{"href":"https:\/\/www.miyu.fr\/galerie\/wp-json\/wp\/v2\/exhibition\/17","targetHints":{"allow":["GET"]}}],"collection":[{"href":"https:\/\/www.miyu.fr\/galerie\/wp-json\/wp\/v2\/exhibition"}],"about":[{"href":"https:\/\/www.miyu.fr\/galerie\/wp-json\/wp\/v2\/types\/exhibition"}],"wp:featuredmedia":[{"embeddable":true,"href":"https:\/\/www.miyu.fr\/galerie\/wp-json\/wp\/v2\/media\/157"}],"wp:attachment":[{"href":"https:\/\/www.miyu.fr\/galerie\/wp-json\/wp\/v2\/media?parent=17"}],"wp:term":[{"taxonomy":"focus","embeddable":true,"href":"https:\/\/www.miyu.fr\/galerie\/wp-json\/wp\/v2\/focus?post=17"},{"taxonomy":"state","embeddable":true,"href":"https:\/\/www.miyu.fr\/galerie\/wp-json\/wp\/v2\/state?post=17"}],"curies":[{"name":"wp","href":"https:\/\/api.w.org\/{rel}","templated":true}]}}