{"id":273,"date":"2024-02-09T16:05:51","date_gmt":"2024-02-09T15:05:51","guid":{"rendered":"https:\/\/www.miyu.fr\/galerie\/?post_type=artist&amp;p=273"},"modified":"2024-02-09T16:05:51","modified_gmt":"2024-02-09T15:05:51","slug":"rachel-gutgarts","status":"publish","type":"artist","link":"https:\/\/www.miyu.fr\/galerie\/artist\/rachel-gutgarts\/","title":{"rendered":"Rachel Gutgarts"},"content":{"rendered":"<p>Rachel Gutgarts est diplo\u0302me\u0301e du de\u0301partement d\u2019animation de la Bezalel Academy of Art and Design de Je\u0301rusalem, avec une spe\u0301cialisation en techniques expe\u0301rimentales, principalement les se\u0301rigraphies anime\u0301es. En 2017, elle re\u0301alise<em> A Love Letter to the One I Made Up<\/em>, son film de fin d\u2019e\u0301tudes. Il est projete\u0301 dans de nombreux festivals de cine\u0301ma et d\u2019animation a\u0300 travers le monde. Elle a e\u0301galement collabore\u0301 sur diffe\u0301rents projets avec plusieurs studios d\u2019artistes inde\u0301pendants en Israe\u0308l et en Europe. Elle travaille en tant qu\u2019animatrice, monteuse et designer inde\u0301pendante paralle\u0300lement a\u0300 la re\u0301alisation de documentaires expe\u0301rimentaux. Son dernier film, <em>Via Dolorosa<\/em>, produit par Miyu Production a \u00e9t\u00e9 s\u00e9lectionne \u00e0 la Semaine de la Critique du Festival de Cannes en 2023.<\/p>\n","protected":false},"featured_media":283,"template":"","meta":{"_acf_changed":false},"creator":[152],"class_list":["post-273","artist","type-artist","status-publish","has-post-thumbnail","hentry","creator-tout"],"acf":[],"_links":{"self":[{"href":"https:\/\/www.miyu.fr\/galerie\/wp-json\/wp\/v2\/artist\/273","targetHints":{"allow":["GET"]}}],"collection":[{"href":"https:\/\/www.miyu.fr\/galerie\/wp-json\/wp\/v2\/artist"}],"about":[{"href":"https:\/\/www.miyu.fr\/galerie\/wp-json\/wp\/v2\/types\/artist"}],"wp:featuredmedia":[{"embeddable":true,"href":"https:\/\/www.miyu.fr\/galerie\/wp-json\/wp\/v2\/media\/283"}],"wp:attachment":[{"href":"https:\/\/www.miyu.fr\/galerie\/wp-json\/wp\/v2\/media?parent=273"}],"wp:term":[{"taxonomy":"creator","embeddable":true,"href":"https:\/\/www.miyu.fr\/galerie\/wp-json\/wp\/v2\/creator?post=273"}],"curies":[{"name":"wp","href":"https:\/\/api.w.org\/{rel}","templated":true}]}}