{"id":230,"date":"2024-02-07T16:06:17","date_gmt":"2024-02-07T15:06:17","guid":{"rendered":"https:\/\/www.miyu.fr\/galerie\/?post_type=artist&amp;p=230"},"modified":"2024-02-07T16:06:17","modified_gmt":"2024-02-07T15:06:17","slug":"vergine-keaton","status":"publish","type":"artist","link":"https:\/\/www.miyu.fr\/galerie\/artist\/vergine-keaton\/","title":{"rendered":"Vergine Keaton"},"content":{"rendered":"<p>N\u00e9e en 1981, Vergine Keaton est une r\u00e9alisatrice et artiste visuelle fran\u00e7aise qui vit et travaille \u00e0 Paris. Ses projets se situent \u00e0 la crois\u00e9e du cin\u00e9ma et des arts visuels.<\/p>\n<p>Apr\u00e8s des \u00e9tudes de graphisme et de cin\u00e9ma, elle r\u00e9alise son premier court m\u00e9trage d\u2019animation<em> Je criais contre la vie<\/em>. <em>ou pour elle<\/em> en 2009. Le film sera pr\u00e9sent\u00e9 dans une centaine de festivals dont celui de Cannes dans la s\u00e9lection ACID. Son troisi\u00e8me film <em>Le Tigre de Tasmanie<\/em> est s\u00e9lectionn\u00e9 en comp\u00e9tition officielle du festival de Berlin 2018. En 2020, elle collabore avec la chef d\u2019orchestre Laurence Equilbey en r\u00e9alisant le court m\u00e9trage <em>Agnus Dei<\/em>, autour de l\u2019oeuvre de Samuel Barber, pour Arte Concert.<\/p>\n<p>Elle cr\u00e9e \u00e9galement des installations multi \u00e9crans et travaille sur la mise en espace de ses films. Ses \u0153uvres ont \u00e9t\u00e9 pr\u00e9sent\u00e9es \u00e0 Times Square &#8211; NY, au centre Pompidou Metz, \u00e0 la Maison de la Po\u00e9sie \u00e0 Paris, au Mus\u00e9e d\u2019Art Contemporain Erarta \u00e0 St Petersbourg, \u00e0 l\u2019Alliance Fran\u00e7aise de New York, au festival Hors Piste au Centre Pompidou, \u00e0 la galerie Miyu ou \u00e0 la Nuit Blanche \u00e0 Paris.<\/p>\n<p>Elle d\u00e9veloppe actuellement son premier long m\u00e9trage d\u2019animation autour d\u2019une unique bataille se d\u00e9roulant \u00e0 la Renaissance italienne.<\/p>\n<p>Vergine Keaton est par ailleurs enseignante \u00e0 l\u2019Ensad (\u00e9cole national sup\u00e9rieure des arts d\u00e9coratifs, Paris).<\/p>\n","protected":false},"featured_media":447,"template":"","meta":{"_acf_changed":false},"creator":[152],"class_list":["post-230","artist","type-artist","status-publish","has-post-thumbnail","hentry","creator-tout"],"acf":[],"_links":{"self":[{"href":"https:\/\/www.miyu.fr\/galerie\/wp-json\/wp\/v2\/artist\/230","targetHints":{"allow":["GET"]}}],"collection":[{"href":"https:\/\/www.miyu.fr\/galerie\/wp-json\/wp\/v2\/artist"}],"about":[{"href":"https:\/\/www.miyu.fr\/galerie\/wp-json\/wp\/v2\/types\/artist"}],"wp:featuredmedia":[{"embeddable":true,"href":"https:\/\/www.miyu.fr\/galerie\/wp-json\/wp\/v2\/media\/447"}],"wp:attachment":[{"href":"https:\/\/www.miyu.fr\/galerie\/wp-json\/wp\/v2\/media?parent=230"}],"wp:term":[{"taxonomy":"creator","embeddable":true,"href":"https:\/\/www.miyu.fr\/galerie\/wp-json\/wp\/v2\/creator?post=230"}],"curies":[{"name":"wp","href":"https:\/\/api.w.org\/{rel}","templated":true}]}}